{"id":33,"date":"2024-11-10T16:52:44","date_gmt":"2024-11-10T19:52:44","guid":{"rendered":"https:\/\/departamentos.uel.br\/filosofia\/?page_id=33"},"modified":"2024-11-10T19:21:22","modified_gmt":"2024-11-10T22:21:22","slug":"eventos","status":"publish","type":"page","link":"https:\/\/departamentos.uel.br\/filosofia\/eventos\/","title":{"rendered":"Eventos"},"content":{"rendered":"\n<p class=\"has-medium-font-size\"><strong>2024<\/strong><\/p>\n\n\n\n<div id=\"wp-block-themeisle-blocks-accordion-055c6d00\" class=\"wp-block-themeisle-blocks-accordion exclusive\">\n<details class=\"wp-block-themeisle-blocks-accordion-item\"><summary class=\"wp-block-themeisle-blocks-accordion-item__title\"><div><strong>V SEMEFIL\/24 \u2013 V Semin\u00e1rio de Educa\u00e7\u00e3o Filos\u00f3fica<\/strong><br>Democratizar a Filosofia? Filosofar a Democracia?<br>Para mais informa\u00e7\u00f5es clique\u00a0<strong><a href=\"https:\/\/vsemefil.wordpress.com\/\">saiba mais<\/a><\/strong>\u2026<\/div><\/summary><div class=\"wp-block-themeisle-blocks-accordion-item__content\"><div class=\"wp-block-image\">\n<figure class=\"aligncenter size-large is-resized\"><img loading=\"lazy\" decoding=\"async\" width=\"889\" height=\"1024\" src=\"https:\/\/departamentos.uel.br\/filosofia\/wp-content\/uploads\/2024\/11\/imagem_2024-11-10_192658468-889x1024.png\" alt=\"\" class=\"wp-image-167\" style=\"width:313px;height:auto\" srcset=\"https:\/\/departamentos.uel.br\/filosofia\/wp-content\/uploads\/2024\/11\/imagem_2024-11-10_192658468-889x1024.png 889w, https:\/\/departamentos.uel.br\/filosofia\/wp-content\/uploads\/2024\/11\/imagem_2024-11-10_192658468-260x300.png 260w, https:\/\/departamentos.uel.br\/filosofia\/wp-content\/uploads\/2024\/11\/imagem_2024-11-10_192658468-768x885.png 768w, https:\/\/departamentos.uel.br\/filosofia\/wp-content\/uploads\/2024\/11\/imagem_2024-11-10_192658468.png 896w\" sizes=\"auto, (max-width: 889px) 100vw, 889px\" \/><\/figure>\n<\/div><\/div><\/details>\n<\/div>\n","protected":false},"excerpt":{"rendered":"<p>2024<\/p>\n","protected":false},"author":7,"featured_media":0,"parent":0,"menu_order":0,"comment_status":"closed","ping_status":"closed","template":"","meta":{"_acf_changed":false,"_themeisle_gutenberg_block_has_review":false,"footnotes":""},"class_list":["post-33","page","type-page","status-publish","hentry"],"acf":[],"_links":{"self":[{"href":"https:\/\/departamentos.uel.br\/filosofia\/wp-json\/wp\/v2\/pages\/33","targetHints":{"allow":["GET"]}}],"collection":[{"href":"https:\/\/departamentos.uel.br\/filosofia\/wp-json\/wp\/v2\/pages"}],"about":[{"href":"https:\/\/departamentos.uel.br\/filosofia\/wp-json\/wp\/v2\/types\/page"}],"author":[{"embeddable":true,"href":"https:\/\/departamentos.uel.br\/filosofia\/wp-json\/wp\/v2\/users\/7"}],"replies":[{"embeddable":true,"href":"https:\/\/departamentos.uel.br\/filosofia\/wp-json\/wp\/v2\/comments?post=33"}],"version-history":[{"count":4,"href":"https:\/\/departamentos.uel.br\/filosofia\/wp-json\/wp\/v2\/pages\/33\/revisions"}],"predecessor-version":[{"id":169,"href":"https:\/\/departamentos.uel.br\/filosofia\/wp-json\/wp\/v2\/pages\/33\/revisions\/169"}],"wp:attachment":[{"href":"https:\/\/departamentos.uel.br\/filosofia\/wp-json\/wp\/v2\/media?parent=33"}],"curies":[{"name":"wp","href":"https:\/\/api.w.org\/{rel}","templated":true}]}}