{"id":346,"date":"2023-12-08T11:08:00","date_gmt":"2023-12-08T14:08:00","guid":{"rendered":"https:\/\/departamentos.uel.br\/enfermagem\/?page_id=346"},"modified":"2023-12-22T14:08:47","modified_gmt":"2023-12-22T17:08:47","slug":"hospital-universitario","status":"publish","type":"page","link":"https:\/\/departamentos.uel.br\/enfermagem\/hospital-universitario\/","title":{"rendered":"Hospital Universit\u00e1rio"},"content":{"rendered":"\n<div class=\"wp-block-columns is-layout-flex wp-container-core-columns-is-layout-9d6595d7 wp-block-columns-is-layout-flex\">\n<div class=\"wp-block-column is-layout-flow wp-block-column-is-layout-flow\">\n<div class=\"wp-block-columns is-layout-flex wp-container-core-columns-is-layout-9d6595d7 wp-block-columns-is-layout-flex\">\n<div class=\"wp-block-column is-layout-flow wp-block-column-is-layout-flow\">\n<figure class=\"wp-block-image size-full is-resized\"><img loading=\"lazy\" decoding=\"async\" width=\"901\" height=\"587\" src=\"https:\/\/departamentos.uel.br\/enfermagem\/wp-content\/uploads\/2023\/12\/HU2.png\" alt=\"\" class=\"wp-image-355\" style=\"width:514px;height:auto\" srcset=\"https:\/\/departamentos.uel.br\/enfermagem\/wp-content\/uploads\/2023\/12\/HU2.png 901w, https:\/\/departamentos.uel.br\/enfermagem\/wp-content\/uploads\/2023\/12\/HU2-300x195.png 300w, https:\/\/departamentos.uel.br\/enfermagem\/wp-content\/uploads\/2023\/12\/HU2-768x500.png 768w\" sizes=\"auto, (max-width: 901px) 100vw, 901px\" \/><\/figure>\n<\/div>\n\n\n\n<div class=\"wp-block-column is-layout-flow wp-block-column-is-layout-flow\">\n<p>Junto ao Centro de Ci\u00eancias da Sa\u00fade (CCS) est\u00e1 o Hospital Universit\u00e1rio (HU\/UEL), importante campo de pr\u00e1ticas, est\u00e1gio e pesquisa dos alunos do Curso de Enfermagem.<\/p>\n\n\n\n<p>Este servi\u00e7o hospitalar tem como miss\u00e3o: &#8220;Prestar assist\u00eancia integral \u00e0 sa\u00fade, com excel\u00eancia e qualidade, participando na pr\u00e1tica do ensino, pesquisa e extens\u00e3o, integrados ao Sistema \u00danico de Sa\u00fade, contribuindo para melhoria da qualidade de vida da popula\u00e7\u00e3o&#8221;.<\/p>\n\n\n\n<p>Para conhecer mais sobre o HU\/UEL <strong><a href=\"https:\/\/www.uel.br\/hu\/portal\/\">clique aqui<\/a><\/strong>.<\/p>\n<\/div>\n<\/div>\n<\/div>\n<\/div>\n\n\n\n<h3 class=\"wp-block-heading\" style=\"font-size:22px\"><strong>Mat\u00e9rias sobre o HU\/UEL<\/strong><\/h3>\n\n\n\n                <div class=\"feed-noticias-perobal alm-listing alm-ajax alm-has-transition\" id=\"feed-noticias-perobal-hu\"><a class=\"noticia-padrao d-flex flex-column flex-md-row align-items-start\" href=\"https:\/\/operobal.uel.br\/hospital-universitario\/2026\/04\/17\/uti-adulto-do-hu-recebe-selo-top-performer-2026\/\">\n                                                    <img decoding=\"async\" class=\"lazy entered loaded\" src=\"https:\/\/operobal.uel.br\/wp-content\/uploads\/2026\/04\/5819-foto2.jpg\"\/>    \n                                                    <article class=\"ml-0 ml-md-4 corpo-noticia-padrao\">\n                                                        <p class=\"antetitulo mb-0\">Certifica\u00e7\u00e3o<\/p>\n                                                        <p class=\"titulo mb-2\">UTI Adulto do HU recebe Selo Top Performer 2026<\/p>\n                                                        <p class=\"descricao\">Realizada anualmente, a certifica\u00e7\u00e3o \u00e9 concedida a unidades que apresentam indicadores acima da m\u00e9dia.<\/p>\n                                                    <\/article>\n                                                <\/a><hr class=\"mt-4 mb-4 d-none d-md-block\"><a class=\"noticia-padrao d-flex flex-column flex-md-row align-items-start\" href=\"https:\/\/operobal.uel.br\/servico\/2026\/04\/17\/uel-retoma-atividades-administrativas-e-academicas-na-quarta-22\/\">\n                                                    <img decoding=\"async\" class=\"lazy entered loaded\" src=\"https:\/\/operobal.uel.br\/wp-content\/uploads\/2021\/03\/campus.jpg\"\/>    \n                                                    <article class=\"ml-0 ml-md-4 corpo-noticia-padrao\">\n                                                        <p class=\"antetitulo mb-0\">Tiradentes<\/p>\n                                                        <p class=\"titulo mb-2\">Universidade retoma atividades administrativas e acad\u00eamicas na quarta (22)<\/p>\n                                                        <p class=\"descricao\">As atividades acad\u00eamicas e administrativas da UEL est\u00e3o suspensas nesse final de semana, na pr\u00f3xima segunda (20) e ter\u00e7a (21).<\/p>\n                                                    <\/article>\n                                                <\/a><hr class=\"mt-4 mb-4 d-none d-md-block\"><a class=\"noticia-padrao d-flex flex-column flex-md-row align-items-start\" href=\"https:\/\/operobal.uel.br\/hospital-universitario\/2026\/04\/15\/baixos-estoques-de-sangue-colocam-hemocentro-hu-uel-em-alerta-para-o-feriado-de-tiradentes\/\">\n                                                    <img decoding=\"async\" class=\"lazy entered loaded\" src=\"https:\/\/operobal.uel.br\/wp-content\/uploads\/2026\/04\/hemepar_doacao_sangue015_1-scaled.jpg\"\/>    \n                                                    <article class=\"ml-0 ml-md-4 corpo-noticia-padrao\">\n                                                        <p class=\"antetitulo mb-0\">Solidariedade<\/p>\n                                                        <p class=\"titulo mb-2\">Baixos estoques de sangue colocam Hemocentro HU\/UEL em alerta para o feriado de Tiradentes<\/p>\n                                                        <p class=\"descricao\">Os per\u00edodos de feriados prolongados s\u00e3o historicamente cr\u00edticos para a rede de sa\u00fade.<\/p>\n                                                    <\/article>\n                                                <\/a><hr class=\"mt-4 mb-4 d-none d-md-block\"><a class=\"noticia-padrao d-flex flex-column flex-md-row align-items-start\" href=\"https:\/\/operobal.uel.br\/sociedade\/2026\/04\/07\/hu-abre-inscricoes-para-interessados-em-atuar-como-voluntarios\/\">\n                                                    <img decoding=\"async\" class=\"lazy entered loaded\" src=\"https:\/\/operobal.uel.br\/wp-content\/uploads\/2026\/04\/WhatsApp-Image-2026-04-07-at-10.12.46.jpeg\"\/>    \n                                                    <article class=\"ml-0 ml-md-4 corpo-noticia-padrao\">\n                                                        <p class=\"antetitulo mb-0\">Servi\u00e7o Social<\/p>\n                                                        <p class=\"titulo mb-2\">HU abre inscri\u00e7\u00f5es para interessados em atuar como volunt\u00e1rios<\/p>\n                                                        <p class=\"descricao\">As atividades poder\u00e3o ser realizadas no HU ou no Ambulat\u00f3rio de Especialidades (AEHU) com atua\u00e7\u00e3o junto a diversos projetos.<\/p>\n                                                    <\/article>\n                                                <\/a><hr class=\"mt-4 mb-4 d-none d-md-block\"><a class=\"noticia-padrao d-flex flex-column flex-md-row align-items-start\" href=\"https:\/\/operobal.uel.br\/hospital-universitario\/2026\/03\/26\/tratamento-de-queimados-no-pr-combina-alta-tecnologia-e-oferta-de-leitos-acima-da-media\/\">\n                                                    <img decoding=\"async\" class=\"lazy entered loaded\" src=\"https:\/\/operobal.uel.br\/wp-content\/uploads\/2026\/03\/assessoria_comunicacao_hu-uel2.jpg\"\/>    \n                                                    <article class=\"ml-0 ml-md-4 corpo-noticia-padrao\">\n                                                        <p class=\"antetitulo mb-0\">Sa\u00fade<\/p>\n                                                        <p class=\"titulo mb-2\">Tratamento de queimados no PR combina alta tecnologia e oferta de leitos acima da m\u00e9dia<\/p>\n                                                        <p class=\"descricao\">O HU\/UEL \u00e9 uma refer\u00eancia no atendimento a pacientes queimados no Paran\u00e1 com mais de 100 profissionais especializados.<\/p>\n                                                    <\/article>\n                                                <\/a><\/div><button id=\"feed-noticias-perobal-load-morehu\" type=\"button\" class=\"feed-noticias-button\" data-endpoint=\"https:\/\/operobal.uel.br\/wp-json\/wp-perobal\/v1\/posts\/tags\/hu?numberposts=50\" data-ppp=\"5\" data-pages=\"5\">Leia mais<\/button>","protected":false},"excerpt":{"rendered":"<p>Junto ao Centro de Ci\u00eancias da Sa\u00fade (CCS) est\u00e1 o Hospital Universit\u00e1rio (HU\/UEL), importante campo de pr\u00e1ticas, est\u00e1gio e pesquisa dos alunos do Curso de Enfermagem. Este servi\u00e7o hospitalar tem como miss\u00e3o: &#8220;Prestar assist\u00eancia integral \u00e0 sa\u00fade, com excel\u00eancia e qualidade, participando na pr\u00e1tica do ensino, pesquisa e extens\u00e3o, integrados ao Sistema \u00danico de Sa\u00fade, [&hellip;]<\/p>\n","protected":false},"author":7,"featured_media":0,"parent":0,"menu_order":0,"comment_status":"closed","ping_status":"closed","template":"","meta":{"_acf_changed":false,"_themeisle_gutenberg_block_has_review":false,"footnotes":""},"class_list":["post-346","page","type-page","status-publish","hentry"],"acf":[],"_links":{"self":[{"href":"https:\/\/departamentos.uel.br\/enfermagem\/wp-json\/wp\/v2\/pages\/346","targetHints":{"allow":["GET"]}}],"collection":[{"href":"https:\/\/departamentos.uel.br\/enfermagem\/wp-json\/wp\/v2\/pages"}],"about":[{"href":"https:\/\/departamentos.uel.br\/enfermagem\/wp-json\/wp\/v2\/types\/page"}],"author":[{"embeddable":true,"href":"https:\/\/departamentos.uel.br\/enfermagem\/wp-json\/wp\/v2\/users\/7"}],"replies":[{"embeddable":true,"href":"https:\/\/departamentos.uel.br\/enfermagem\/wp-json\/wp\/v2\/comments?post=346"}],"version-history":[{"count":11,"href":"https:\/\/departamentos.uel.br\/enfermagem\/wp-json\/wp\/v2\/pages\/346\/revisions"}],"predecessor-version":[{"id":464,"href":"https:\/\/departamentos.uel.br\/enfermagem\/wp-json\/wp\/v2\/pages\/346\/revisions\/464"}],"wp:attachment":[{"href":"https:\/\/departamentos.uel.br\/enfermagem\/wp-json\/wp\/v2\/media?parent=346"}],"curies":[{"name":"wp","href":"https:\/\/api.w.org\/{rel}","templated":true}]}}